{"id":1059,"date":"2020-07-01T16:00:50","date_gmt":"2020-07-01T16:00:50","guid":{"rendered":"https:\/\/villaludwig.de\/?page_id=1059"},"modified":"2024-10-31T07:20:29","modified_gmt":"2024-10-31T07:20:29","slug":"ferienwohnung-boehlig","status":"publish","type":"page","link":"https:\/\/villaludwig.de\/en\/ferienwohnung-boehlig\/","title":{"rendered":"Ferienwohnung B\u00f6hlig"},"content":{"rendered":"\n[et_pb_section fb_built=&#8220;1&#8243; disabled_on=&#8220;on|off|off&#8220; _builder_version=&#8220;4.16&#8243; positioning=&#8220;fixed&#8220; vertical_offset=&#8220;80px&#8220; width=&#8220;20%&#8220; height=&#8220;100%&#8220; custom_padding=&#8220;10px||4px|||&#8220; global_colors_info=&#8220;{}&#8220;][et_pb_row custom_padding_last_edited=&#8220;on|tablet&#8220; _builder_version=&#8220;4.16&#8243; _module_preset=&#8220;default&#8220; width=&#8220;100%&#8220; custom_padding=&#8220;|10%||10%|false|true&#8220; custom_padding_tablet=&#8220;|0%||0%|false|true&#8220; custom_padding_phone=&#8220;&#8220; global_colors_info=&#8220;{}&#8220;][et_pb_column type=&#8220;4_4&#8243; _builder_version=&#8220;4.16&#8243; _module_preset=&#8220;default&#8220; global_colors_info=&#8220;{}&#8220;][et_pb_button button_url=&#8220;https:\/\/villaludwig.de\/ferienwohnung-belz\/&#8220; button_text=&#8220;Belz&#8220; button_alignment=&#8220;left&#8220; _builder_version=&#8220;4.16&#8243; _module_preset=&#8220;default&#8220; custom_button=&#8220;on&#8220; button_text_size=&#8220;18px&#8220; button_text_color=&#8220;#A3897A&#8220; button_bg_color=&#8220;#FFFFFF&#8220; button_border_width=&#8220;1px&#8220; button_border_color=&#8220;#A3897A&#8220; button_border_radius=&#8220;5px&#8220; button_font=&#8220;Cinzel|500||on|||||&#8220; button_use_icon=&#8220;off&#8220; background_layout=&#8220;dark&#8220; custom_margin=&#8220;25px|||&#8220; animation_direction=&#8220;bottom&#8220; custom_css_main_element=&#8220;display: block !important;&#8220; global_colors_info=&#8220;{}&#8220; button_text_size__hover_enabled=&#8220;off&#8220; button_one_text_size__hover_enabled=&#8220;off&#8220; button_two_text_size__hover_enabled=&#8220;off&#8220; button_text_color__hover_enabled=&#8220;on|desktop&#8220; button_one_text_color__hover_enabled=&#8220;off&#8220; button_two_text_color__hover_enabled=&#8220;off&#8220; button_border_width__hover_enabled=&#8220;off&#8220; button_one_border_width__hover_enabled=&#8220;off&#8220; button_two_border_width__hover_enabled=&#8220;off&#8220; button_border_color__hover_enabled=&#8220;off&#8220; button_one_border_color__hover_enabled=&#8220;off&#8220; button_two_border_color__hover_enabled=&#8220;off&#8220; button_border_radius__hover_enabled=&#8220;off&#8220; button_one_border_radius__hover_enabled=&#8220;off&#8220; button_two_border_radius__hover_enabled=&#8220;off&#8220; button_letter_spacing__hover_enabled=&#8220;off&#8220; button_one_letter_spacing__hover_enabled=&#8220;off&#8220; button_two_letter_spacing__hover_enabled=&#8220;off&#8220; button_bg_color__hover_enabled=&#8220;on|hover&#8220; button_one_bg_color__hover_enabled=&#8220;off&#8220; button_two_bg_color__hover_enabled=&#8220;off&#8220; button_bg_color__hover=&#8220;#A3897A&#8220; button_bg_enable_color__hover=&#8220;on&#8220; button_text_color__hover=&#8220;#FFFFFF&#8220;][\/et_pb_button][et_pb_button button_url=&#8220;https:\/\/villaludwig.de\/ferienwohnung-boehlig\/&#8220; button_text=&#8220;B\u00f6hlig&#8220; _builder_version=&#8220;4.16&#8243; _module_preset=&#8220;3bd61214-b7b0-4e91-9431-409a578e29b4&#8243; animation_style=&#8220;none&#8220; global_colors_info=&#8220;{}&#8220; button_text_size__hover_enabled=&#8220;off&#8220; button_one_text_size__hover_enabled=&#8220;off&#8220; button_two_text_size__hover_enabled=&#8220;off&#8220; button_one_text_color__hover_enabled=&#8220;off&#8220; button_two_text_color__hover_enabled=&#8220;off&#8220; button_border_width__hover_enabled=&#8220;off&#8220; button_one_border_width__hover_enabled=&#8220;off&#8220; button_two_border_width__hover_enabled=&#8220;off&#8220; button_border_color__hover_enabled=&#8220;off&#8220; button_one_border_color__hover_enabled=&#8220;off&#8220; button_two_border_color__hover_enabled=&#8220;off&#8220; button_border_radius__hover_enabled=&#8220;off&#8220; button_one_border_radius__hover_enabled=&#8220;off&#8220; button_two_border_radius__hover_enabled=&#8220;off&#8220; button_letter_spacing__hover_enabled=&#8220;off&#8220; button_one_letter_spacing__hover_enabled=&#8220;off&#8220; button_two_letter_spacing__hover_enabled=&#8220;off&#8220; button_one_bg_color__hover_enabled=&#8220;off&#8220; button_two_bg_color__hover_enabled=&#8220;off&#8220; transform_translate__hover_enabled=&#8220;on|desktop&#8220; transform_translate__hover=&#8220;0px|0px&#8220;][\/et_pb_button][et_pb_button button_url=&#8220;https:\/\/villaludwig.de\/ferienwohnung-geruempel\/&#8220; button_text=&#8220;Ger\u00fcmpel&#8220; button_alignment=&#8220;left&#8220; _builder_version=&#8220;4.16&#8243; custom_button=&#8220;on&#8220; button_text_size=&#8220;18px&#8220; button_text_color=&#8220;#A3897A&#8220; button_bg_color=&#8220;#FFFFFF&#8220; button_border_width=&#8220;1px&#8220; button_border_color=&#8220;#A3897A&#8220; button_border_radius=&#8220;5px&#8220; button_font=&#8220;Cinzel|500||on|||||&#8220; button_use_icon=&#8220;off&#8220; transform_scale_last_edited=&#8220;off|desktop&#8220; transform_translate_last_edited=&#8220;off|desktop&#8220; transform_rotate_last_edited=&#8220;off|desktop&#8220; transform_skew_last_edited=&#8220;off|desktop&#8220; transform_origin_last_edited=&#8220;off|desktop&#8220; transform_styles_last_edited=&#8220;off|desktop&#8220; background_layout=&#8220;dark&#8220; custom_margin=&#8220;25px|||&#8220; animation_direction=&#8220;bottom&#8220; custom_css_main_element=&#8220;display: block !important;&#8220; global_colors_info=&#8220;{}&#8220; button_text_size__hover_enabled=&#8220;off&#8220; button_one_text_size__hover_enabled=&#8220;off&#8220; button_two_text_size__hover_enabled=&#8220;off&#8220; button_text_color__hover_enabled=&#8220;on|desktop&#8220; button_one_text_color__hover_enabled=&#8220;off&#8220; button_two_text_color__hover_enabled=&#8220;off&#8220; button_border_width__hover_enabled=&#8220;off&#8220; button_one_border_width__hover_enabled=&#8220;off&#8220; button_two_border_width__hover_enabled=&#8220;off&#8220; button_border_color__hover_enabled=&#8220;off&#8220; button_one_border_color__hover_enabled=&#8220;off&#8220; button_two_border_color__hover_enabled=&#8220;off&#8220; button_border_radius__hover_enabled=&#8220;off&#8220; button_one_border_radius__hover_enabled=&#8220;off&#8220; button_two_border_radius__hover_enabled=&#8220;off&#8220; button_letter_spacing__hover_enabled=&#8220;off&#8220; button_one_letter_spacing__hover_enabled=&#8220;off&#8220; button_two_letter_spacing__hover_enabled=&#8220;off&#8220; button_bg_color__hover_enabled=&#8220;on|hover&#8220; button_one_bg_color__hover_enabled=&#8220;off&#8220; button_two_bg_color__hover_enabled=&#8220;off&#8220; button_text_color__hover=&#8220;#FFFFFF&#8220; button_bg_color__hover=&#8220;#A3897A&#8220;][\/et_pb_button][et_pb_button button_url=&#8220;https:\/\/villaludwig.de\/ferienwohnung-goldbaechel\/&#8220; button_text=&#8220;Goldb\u00e4chel&#8220; button_alignment=&#8220;left&#8220; _builder_version=&#8220;4.16&#8243; custom_button=&#8220;on&#8220; button_text_size=&#8220;18px&#8220; button_text_color=&#8220;#A3897A&#8220; button_bg_color=&#8220;#FFFFFF&#8220; button_border_width=&#8220;1px&#8220; button_border_color=&#8220;#A3897A&#8220; button_border_radius=&#8220;5px&#8220; button_font=&#8220;Cinzel|500||on|||||&#8220; button_use_icon=&#8220;off&#8220; background_layout=&#8220;dark&#8220; custom_margin=&#8220;25px|||&#8220; animation_direction=&#8220;bottom&#8220; custom_css_main_element=&#8220;display: block !important;&#8220; global_colors_info=&#8220;{}&#8220; button_text_size__hover_enabled=&#8220;off&#8220; button_one_text_size__hover_enabled=&#8220;off&#8220; button_two_text_size__hover_enabled=&#8220;off&#8220; button_text_color__hover_enabled=&#8220;on|desktop&#8220; button_one_text_color__hover_enabled=&#8220;off&#8220; button_two_text_color__hover_enabled=&#8220;off&#8220; button_border_width__hover_enabled=&#8220;off&#8220; button_one_border_width__hover_enabled=&#8220;off&#8220; button_two_border_width__hover_enabled=&#8220;off&#8220; button_border_color__hover_enabled=&#8220;off&#8220; button_one_border_color__hover_enabled=&#8220;off&#8220; button_two_border_color__hover_enabled=&#8220;off&#8220; button_border_radius__hover_enabled=&#8220;off&#8220; button_one_border_radius__hover_enabled=&#8220;off&#8220; button_two_border_radius__hover_enabled=&#8220;off&#8220; button_letter_spacing__hover_enabled=&#8220;off&#8220; button_one_letter_spacing__hover_enabled=&#8220;off&#8220; button_two_letter_spacing__hover_enabled=&#8220;off&#8220; button_bg_color__hover_enabled=&#8220;on|hover&#8220; button_one_bg_color__hover_enabled=&#8220;off&#8220; button_two_bg_color__hover_enabled=&#8220;off&#8220; button_text_color__hover=&#8220;#FFFFFF&#8220; button_bg_color__hover=&#8220;#A3897A&#8220;][\/et_pb_button][\/et_pb_column][\/et_pb_row][\/et_pb_section][et_pb_section fb_built=&#8220;1&#8243; _builder_version=&#8220;4.16&#8243; custom_margin=&#8220;120px|||20.1%|false|false&#8220; custom_margin_tablet=&#8220;&#8220; custom_margin_phone=&#8220;|||0%|false|false&#8220; custom_margin_last_edited=&#8220;on|phone&#8220; custom_padding=&#8220;4px|||||&#8220; global_colors_info=&#8220;{}&#8220;][et_pb_row _builder_version=&#8220;4.16&#8243; _module_preset=&#8220;default&#8220; global_colors_info=&#8220;{}&#8220;][et_pb_column type=&#8220;4_4&#8243; _builder_version=&#8220;4.16&#8243; _module_preset=&#8220;default&#8220; global_colors_info=&#8220;{}&#8220;][et_pb_text _builder_version=&#8220;4.16&#8243; _module_preset=&#8220;default&#8220; header_font=&#8220;Cinzel||||||||&#8220; header_text_align=&#8220;center&#8220; header_text_color=&#8220;#A3897A&#8220; header_font_size=&#8220;40px&#8220; header_font_size_tablet=&#8220;35px&#8220; header_font_size_phone=&#8220;30px&#8220; header_font_size_last_edited=&#8220;on|phone&#8220; global_colors_info=&#8220;{}&#8220;]<h1>FERIENWOHNUNG B\u00d6HLIG<\/h1>[\/et_pb_text][\/et_pb_column][\/et_pb_row][et_pb_row column_structure=&#8220;1_2,1_2&#8243; custom_padding_last_edited=&#8220;on|desktop&#8220; _builder_version=&#8220;4.16&#8243; width=&#8220;100%&#8220; module_alignment=&#8220;center&#8220; custom_margin=&#8220;|100px||110px||&#8220; custom_padding=&#8220;0px|0px|0px|0px|false|false&#8220; custom_padding_tablet=&#8220;|20px||20px|false|true&#8220; custom_padding_phone=&#8220;&#8220; global_colors_info=&#8220;{}&#8220;][et_pb_column type=&#8220;1_2&#8243; _builder_version=&#8220;4.16&#8243; global_colors_info=&#8220;{}&#8220;][et_pb_text _builder_version=&#8220;4.16&#8243; text_font=&#8220;Roboto|300|||||||&#8220; header_4_text_color=&#8220;#a3897a&#8220; custom_padding_tablet=&#8220;&#8220; custom_padding_phone=&#8220;|20px||20px|false|false&#8220; custom_padding_last_edited=&#8220;on|phone&#8220; text_font_size_tablet=&#8220;&#8220; text_font_size_phone=&#8220;15px&#8220; text_font_size_last_edited=&#8220;on|phone&#8220; global_colors_info=&#8220;{}&#8220;]<h4 class=\"grve-element grve-title grve-align-left grve-h4\"><span><\/span><span>Wohnung f\u00fcr 1-4 Personen<\/span><\/h4>\n<div class=\"grve-element grve-text vc_custom_1547395927116\">\n<ul>\n<li>Erdgeschoss Villa<\/li>\n<li>Wohnraum ca. 160m\u00b2<\/li>\n<li>Zwei Schlafzimmer<\/li>\n<li>Terrasse zum Garten<\/li>\n<li>Ein ausgewiesener Parkplatz<\/li>\n<\/ul>\n<h4>Preise<\/h4>\n<ul>\n<li><span>180 \u20ac &#8211; 330 \u20ac \/ Nacht<\/span><\/li>\n<li><span style=\"font-size: 17px;\">Der Mindestaufenthalt betr\u00e4gt zwei N\u00e4chte.\u00a0<\/span><\/li>\n<\/ul>\n<h4>Beschreibung<\/h4>\n<p style=\"text-align: justify;\">Die Wohnung verf\u00fcgt \u00fcber ca. 160 qm Wohlf\u00fchl-Fl\u00e4che mit einem individuell gestalteten, gem\u00fctlichen Wohn- und Essbereich im Erdgeschoss mit angrenzender Terrasse. Am Esstisch haben bis zu 8 Personen Platz. Die gro\u00dfz\u00fcgige Sofalandschaft mit Blick in den Garten l\u00e4dt zum Erholen ein. Ein Schlafzimmer bietet einen sch\u00f6nen Blick in den Garten und den Hof des Anwesens, das weitere Schlafzimmer befindet sich auf der Ostseite der Villa mit Blick auf das historische Weingut Dr. B\u00fcrklin-Wolf. Beide Schlafzimmer sind mit modernen TV-Ger\u00e4ten und gro\u00dfz\u00fcgigem Stauraum ausgestattet. Die K\u00fcche ist mit Markenger\u00e4ten der Firmen Siemens, WMF und Villeroy &amp; Boch eingerichtet.<br \/>Ein Badezimmer mit gro\u00dfer Dusche sowie ein separates G\u00e4ste-WC sind ebenso vorhanden. Die Wohnung verf\u00fcgt \u00fcber einen eigenen Eingang auf der Ostseite der Villa. Dar\u00fcber hinaus gibt es noch einen kleinen R\u00fcckzugsort zum Verweilen mit Tagesbett und einem freien Blick in den Hof.<\/p>\n<\/div>[\/et_pb_text][\/et_pb_column][et_pb_column type=&#8220;1_2&#8243; _builder_version=&#8220;4.16&#8243; global_colors_info=&#8220;{}&#8220;][et_pb_image src=&#8220;https:\/\/villaludwig.de\/wp-content\/uploads\/2020\/09\/Boehlig_202009_001hk.jpg&#8220; alt=&#8220;Esszimmer B\u00f6hlig&#8220; title_text=&#8220;Esszimmer B\u00f6hlig&#8220; show_in_lightbox=&#8220;on&#8220; disabled_on=&#8220;on|on|off&#8220; _builder_version=&#8220;4.16&#8243; custom_margin=&#8220;0px||||false|false&#8220; global_colors_info=&#8220;{}&#8220;][\/et_pb_image][\/et_pb_column][\/et_pb_row][et_pb_row _builder_version=&#8220;4.16&#8243; global_colors_info=&#8220;{}&#8220;][et_pb_column type=&#8220;4_4&#8243; _builder_version=&#8220;4.16&#8243; global_colors_info=&#8220;{}&#8220;][et_pb_gallery gallery_ids=&#8220;1436,1431,1432,1433,1434,1435,223076,223077,223081,223069,223086&#8243; posts_number=&#8220;12&#8243; show_title_and_caption=&#8220;off&#8220; show_pagination=&#8220;off&#8220; zoom_icon_color=&#8220;#a3897a&#8220; disabled_on=&#8220;off|off|off&#8220; _builder_version=&#8220;4.25.0&#8243; hover_enabled=&#8220;0&#8243; global_colors_info=&#8220;{}&#8220; sticky_enabled=&#8220;0&#8243;][\/et_pb_gallery][et_pb_text _builder_version=&#8220;4.16&#8243; text_orientation=&#8220;center&#8220; global_colors_info=&#8220;{}&#8220;]<h2>Ausstattung<\/h2>[\/et_pb_text][et_pb_accordion closed_toggle_background_color=&#8220;rgba(0,0,0,0)&#8220; icon_color=&#8220;#a3897a&#8220; _builder_version=&#8220;4.16&#8243; border_color_all=&#8220;#a3897a&#8220; global_colors_info=&#8220;{}&#8220;][et_pb_accordion_item title=&#8220;Allgemein&#8220; open=&#8220;on&#8220; open_toggle_text_color=&#8220;#a3897a&#8220; _builder_version=&#8220;4.16&#8243; body_font_size_tablet=&#8220;&#8220; body_font_size_phone=&#8220;&#8220; body_font_size_last_edited=&#8220;on|phone&#8220; global_colors_info=&#8220;{}&#8220;]<ul>\n<li style=\"box-sizing: border-box; margin: 0px; padding: 0px; border: 0px; outline: 0px; font-size: 17px; text-size-adjust: 100%; vertical-align: baseline; background: transparent;\">Wir m\u00f6chten Sie darauf hinweisen, dass das Badezimmer nur durch eines der Schlafzimmer zug\u00e4nglich ist. Das G\u00e4ste-WC ist ohne Einschr\u00e4nkung nutzbar.<\/li>\n<li style=\"box-sizing: border-box; margin: 0px; padding: 0px; border: 0px; outline: 0px; font-size: 17px; text-size-adjust: 100%; vertical-align: baseline; background: transparent;\">Kinderfreundlich<\/li>\n<li style=\"box-sizing: border-box; margin: 0px; padding: 0px; border: 0px; outline: 0px; font-size: 17px; text-size-adjust: 100%; vertical-align: baseline; background: transparent;\">fest installierter Safe<\/li>\n<li style=\"box-sizing: border-box; margin: 0px; padding: 0px; border: 0px; outline: 0px; font-size: 17px; text-size-adjust: 100%; vertical-align: baseline; background: transparent;\">Kinderbett und Hochstuhl k\u00f6nnen zur Verf\u00fcgung gestellt werden<\/li>\n<li style=\"box-sizing: border-box; margin: 0px; padding: 0px; border: 0px; outline: 0px; font-size: 17px; text-size-adjust: 100%; vertical-align: baseline; background: transparent;\">Wir bitten um Verst\u00e4ndnis, dass aus R\u00fccksicht auf nachfolgende G\u00e4ste in der Wohnung nicht geraucht werden darf und leider keine Haustiere aufgenommen werden k\u00f6nnen.<\/li>\n<\/ul>[\/et_pb_accordion_item][et_pb_accordion_item title=&#8220;K\u00fcche&#8220; open_toggle_text_color=&#8220;#a3897a&#8220; _builder_version=&#8220;4.16&#8243; body_font=&#8220;Roboto|300|||||||&#8220; global_colors_info=&#8220;{}&#8220; open=&#8220;off&#8220;]<p>Die K\u00fcche ist mit hochwertigen Markenger\u00e4ten voll ausgestattet:<\/p>\n<ul>\n<li>Induktionsherd &amp; Backofen<\/li>\n<li>Nespresso-Maschine<\/li>\n<li>Geschirrsp\u00fcler<\/li>\n<li>K\u00fchlschrank und separate Tiefk\u00fchlgelegenheit, Weink\u00fchlschrank<\/li>\n<li>Toaster, Wasserkocher &amp; Handr\u00fchrer \/ Mixer<\/li>\n<\/ul>[\/et_pb_accordion_item][et_pb_accordion_item title=&#8220;Schlafzimmer&#8220; open_toggle_text_color=&#8220;#a3897a&#8220; _builder_version=&#8220;4.16&#8243; global_colors_info=&#8220;{}&#8220; open=&#8220;off&#8220;]<p>Beide Schlafzimmer sind mit je einem hochwertigen Doppelbett (180 x 200 cm und 160 x 200 cm) eingerichtet. Die Betten haben jeweils zwei einzelne Matratzen. Die Bettdecken und Kopfkissen sind f\u00fcr Allergiker geeignet. Weiterhin befindet sich in jedem Schlafzimmer jeweils ein modernes TV-Ger\u00e4t.<\/p>\n<p>Zus\u00e4tzliche Kopfkissen und Decken auf Wunsch.<\/p>[\/et_pb_accordion_item][et_pb_accordion_item title=&#8220;B\u00e4der&#8220; open_toggle_text_color=&#8220;#a3897a&#8220; _builder_version=&#8220;4.16&#8243; global_colors_info=&#8220;{}&#8220; open=&#8220;off&#8220;]<ul>\n<li>1 Bad mit gro\u00dfz\u00fcgiger Dusche<\/li>\n<li>1 G\u00e4ste-WC<\/li>\n<li>Waschtrockner<\/li>\n<li>F\u00f6hn &amp; Kosmetikspiegel<\/li>\n<\/ul>\n<p>&nbsp;<\/p>\n<ul><\/ul>[\/et_pb_accordion_item][et_pb_accordion_item title=&#8220;Unterhaltung&#8220; open_toggle_text_color=&#8220;#a3897a&#8220; _builder_version=&#8220;4.16&#8243; global_colors_info=&#8220;{}&#8220; open=&#8220;off&#8220;]<ul>\n<li>Schnelles &amp; kostenfreies WLAN<\/li>\n<li>Gro\u00dfer Flatscreen-Fernseher mit Satellitenempfang<\/li>\n<li>Hochwertige Soundbox<\/li>\n<\/ul>[\/et_pb_accordion_item][\/et_pb_accordion][\/et_pb_column][\/et_pb_row][\/et_pb_section][et_pb_section fb_built=&#8220;1&#8243; disabled_on=&#8220;off|off|off&#8220; _builder_version=&#8220;4.16&#8243; custom_margin=&#8220;|||20%|false|false&#8220; custom_margin_tablet=&#8220;&#8220; custom_margin_phone=&#8220;|||0%|false|false&#8220; custom_margin_last_edited=&#8220;on|phone&#8220; custom_padding=&#8220;0px||0px|||&#8220; global_colors_info=&#8220;{}&#8220;][et_pb_row _builder_version=&#8220;4.16&#8243; global_colors_info=&#8220;{}&#8220;][et_pb_column type=&#8220;4_4&#8243; _builder_version=&#8220;4.16&#8243; global_colors_info=&#8220;{}&#8220;][et_pb_text _builder_version=&#8220;4.16&#8243; global_colors_info=&#8220;{}&#8220;]<h2 style=\"text-align: center;\">Belegungskalender<\/h2>[\/et_pb_text][et_pb_text _builder_version=&#8220;4.16&#8243; _module_preset=&#8220;default&#8220; text_font=&#8220;|300|||||||&#8220; text_orientation=&#8220;center&#8220; global_colors_info=&#8220;{}&#8220;]<p>An den rot hinterlegten Daten ist die Ferienwohnung ausgebucht<\/p>[\/et_pb_text][et_pb_code _builder_version=&#8220;4.16&#8243; text_orientation=&#8220;center&#8220; height=&#8220;450px&#8220; max_height=&#8220;450px&#8220; custom_padding=&#8220;||0px|||&#8220; global_colors_info=&#8220;{}&#8220;]<div id=\"smoobuCalendarIframe\">  <link rel=\"stylesheet\" type=\"text\/css\" href=\"https:\/\/login.smoobu.com\/css\/singleCalendarWidgetIframe.css\">  <iframe loading=\"lazy\" class=\"smallDevices\" height=\"540px\" width=\"280px\" src=\"https:\/\/login.smoobu.com\/de\/cockpit\/widget\/show-calendar-iframe\/528288\/606ea777920c3682df761565faa28cb5d328cd9e902bb9a1493fda0b1043b654\"><\/iframe>  <iframe loading=\"lazy\" class=\"bigDevices\" height=\"600px\" width=\"1000px\" src=\"https:\/\/login.smoobu.com\/de\/cockpit\/widget\/show-calendar-iframe\/528288\/606ea777920c3682df761565faa28cb5d328cd9e902bb9a1493fda0b1043b654\"><\/iframe><\/div>[\/et_pb_code][et_pb_code _builder_version=&#8220;4.21.0&#8243; _module_preset=&#8220;default&#8220; global_colors_info=&#8220;{}&#8220;]<div id=\"apartmentIframe528288\"> <script type=\"text\/javascript\" src=\"https:\/\/login.smoobu.com\/js\/Settings\/BookingToolIframe.js\"><\/script><script>BookingToolIframe.initialize({\"url\": \"https:\/\/login.smoobu.com\/de\/booking-tool\/iframe\/152187\/528288\", \"baseUrl\": \"https:\/\/login.smoobu.com\", \"target\": \"#apartmentIframe528288\"})<\/script> <\/div>[\/et_pb_code][\/et_pb_column][\/et_pb_row][\/et_pb_section][et_pb_section fb_built=&#8220;1&#8243; disabled_on=&#8220;on|on|on&#8220; _builder_version=&#8220;4.16&#8243; custom_padding=&#8220;4px|||||&#8220; disabled=&#8220;on&#8220; global_colors_info=&#8220;{}&#8220;][et_pb_row _builder_version=&#8220;4.16&#8243; global_colors_info=&#8220;{}&#8220;][et_pb_column type=&#8220;4_4&#8243; _builder_version=&#8220;4.16&#8243; global_colors_info=&#8220;{}&#8220;][et_pb_text _builder_version=&#8220;4.16&#8243; text_font=&#8220;Roboto|300|||||||&#8220; header_2_text_color=&#8220;#a3897a&#8220; header_3_text_color=&#8220;#a3897a&#8220; global_colors_info=&#8220;{}&#8220;]<h2>Allgemeine Informationen<\/h2>\n<p>&nbsp;<\/p>\n<p>Alle unsere Wohnungen sind Nichtraucherwohnungen! Da alle Wohnungen auch f\u00fcr Allergiker geeignet sind, ist das Mitbringen von Haustieren leider nicht m\u00f6glich. Zu gemeinschaftlicher Nutzung stehen Waschmaschine, Waschmittel, Trockner, B\u00fcgelbrett und B\u00fcgeleisen zur Verf\u00fcgung. In unseren Preisen sind die Endreinigungskosten bereits enthalten. Bei einem Aufenthalt von mehr als 7 N\u00e4chten ist eine Zwischenreinigung der Wohnung im Preis enthalten. Der Mindestaufenthalt betr\u00e4gt zwei N\u00e4chte, h\u00f6here Mindestaufenthalte zu bestimmten Terminen behalten wir uns vor. Ihre Rechnung k\u00f6nnen Sie bei der Abreise in bar oder mit EC-Karte begleichen. Bei l\u00e4ngeren Aufenthalten (mehr als 7 N\u00e4chte) oder Buchung mehrerer Wohnungen berechnen wir eine Anzahlung in H\u00f6he von 50%.<\/p>\n<p>Unsere Wohnungen stehen Ihnen am Anreisetag in der Regel ab 16:00 Uhr zur Verf\u00fcgung, nach Absprache auch fr\u00fcher. Bei Abreise bitten wir darum, uns die Wohnung bis sp\u00e4testens 11:00 Uhr zu \u00fcbergeben.<\/p>\n<h3> Buchungen und Buchungsbest\u00e4tigungen, Stornobedingungen<\/h3>\n<p>Bei Buchungen auf unserer Homepage haben Sie garantiert den g\u00fcnstigsten Preis im Vergleich zu anderen Buchungsportalen. Bei einem Aufenthalt von mehr als 10 N\u00e4chten fragen Sie bitte Ihren individuellen Preis bei uns an. Wir behalten uns das Recht vor, Buchungsbest\u00e4tigungen aus dem Online-Buchungssystem noch innerhalb von 24 Stunden zu stornieren.<\/p>\n<p>Sie k\u00f6nnen Ihre Buchung bis zu 24 Stunden nach Buchungseingang und bis zu 30 Tage vor dem Anreisedatum kostenlos stornieren, danach berechnen wir Ihnen die vollen Mietkosten, sofern die Wohnung nicht anderweitig vermietet werden kann.<\/p>\n<h3> Serviceleistungen<\/h3>\n<p>Wir bieten Ihnen sowohl einen Br\u00f6tchen- als auch einen kompletten Fr\u00fchst\u00fccksservice an. Sollten Sie diesen in Anspruch nehmen wollen, fordern Sie bitte unseren Fr\u00fchst\u00fccksprospekt an. Bitte buchen Sie diesen Service mindestens 3 Tage vor Ihrer Anreise. Sollten Sie per Bahn nach Neustadt reisen, holen wir Sie auch gerne am Bahnhof ab. Eine Zwischenreinigung Ihrer Wohnung erfolgt nach der siebten Nacht.<\/p>[\/et_pb_text][\/et_pb_column][\/et_pb_row][\/et_pb_section]\n","protected":false},"excerpt":{"rendered":"<p>FERIENWOHNUNG B\u00d6HLIGWohnung f\u00fcr 1-4 Personen Erdgeschoss Villa Wohnraum ca. 160m\u00b2 Zwei Schlafzimmer Terrasse zum Garten Ein ausgewiesener Parkplatz Preise 180 \u20ac &#8211; 330 \u20ac \/ Nacht Der Mindestaufenthalt betr\u00e4gt zwei N\u00e4chte.\u00a0 Beschreibung Die Wohnung verf\u00fcgt \u00fcber ca. 160 qm Wohlf\u00fchl-Fl\u00e4che mit einem individuell gestalteten, gem\u00fctlichen Wohn- und Essbereich im Erdgeschoss mit angrenzender Terrasse. Am Esstisch [&hellip;]<\/p>\n","protected":false},"author":1,"featured_media":0,"parent":0,"menu_order":0,"comment_status":"closed","ping_status":"closed","template":"","meta":{"_et_pb_use_builder":"on","_et_pb_old_content":"","_et_gb_content_width":"","footnotes":""},"class_list":["post-1059","page","type-page","status-publish","hentry"],"yoast_head":"<!-- This site is optimized with the Yoast SEO plugin v27.5 - https:\/\/yoast.com\/product\/yoast-seo-wordpress\/ -->\n<title>Ferienwohnung in Wachenheim an der Weinstra\u00dfe \u2013 Traumurlaub bei Deidesheim &amp; Bad D\u00fcrkheim<\/title>\n<meta name=\"description\" content=\"Exklusive Ferienwohnung in Wachenheim, nahe Deidesheim &amp; Bad D\u00fcrkheim \u2013 Perfekter Urlaub an der Weinstra\u00dfe \/ Pfalz. Erleben Sie Komfort und Natur!\" \/>\n<meta name=\"robots\" content=\"index, follow, max-snippet:-1, max-image-preview:large, max-video-preview:-1\" \/>\n<link rel=\"canonical\" href=\"https:\/\/villaludwig.de\/en\/ferienwohnung-boehlig\/\" \/>\n<meta property=\"og:locale\" content=\"en_US\" \/>\n<meta property=\"og:type\" content=\"article\" \/>\n<meta property=\"og:title\" content=\"Ferienwohnung in Wachenheim an der Weinstra\u00dfe \u2013 Traumurlaub bei Deidesheim &amp; Bad D\u00fcrkheim\" \/>\n<meta property=\"og:description\" content=\"Exklusive Ferienwohnung in Wachenheim, nahe Deidesheim &amp; Bad D\u00fcrkheim \u2013 Perfekter Urlaub an der Weinstra\u00dfe \/ Pfalz. Erleben Sie Komfort und Natur!\" \/>\n<meta property=\"og:url\" content=\"https:\/\/villaludwig.de\/en\/ferienwohnung-boehlig\/\" \/>\n<meta property=\"og:site_name\" content=\"Villa Ludwig\" \/>\n<meta property=\"article:publisher\" content=\"https:\/\/www.facebook.com\/people\/Villa-Ludwig-1826-Ferienwohnungen\/100063462909862\/\" \/>\n<meta property=\"article:modified_time\" content=\"2024-10-31T07:20:29+00:00\" \/>\n<meta name=\"twitter:card\" content=\"summary_large_image\" \/>\n<meta name=\"twitter:label1\" content=\"Est. reading time\" \/>\n\t<meta name=\"twitter:data1\" content=\"5 minutes\" \/>\n<script type=\"application\/ld+json\" class=\"yoast-schema-graph\">{\"@context\":\"https:\\\/\\\/schema.org\",\"@graph\":[{\"@type\":\"WebPage\",\"@id\":\"https:\\\/\\\/villaludwig.de\\\/ferienwohnung-boehlig\\\/\",\"url\":\"https:\\\/\\\/villaludwig.de\\\/ferienwohnung-boehlig\\\/\",\"name\":\"Ferienwohnung in Wachenheim an der Weinstra\u00dfe \u2013 Traumurlaub bei Deidesheim & Bad D\u00fcrkheim\",\"isPartOf\":{\"@id\":\"https:\\\/\\\/villaludwig.de\\\/#website\"},\"datePublished\":\"2020-07-01T16:00:50+00:00\",\"dateModified\":\"2024-10-31T07:20:29+00:00\",\"description\":\"Exklusive Ferienwohnung in Wachenheim, nahe Deidesheim & Bad D\u00fcrkheim \u2013 Perfekter Urlaub an der Weinstra\u00dfe \\\/ Pfalz. Erleben Sie Komfort und Natur!\",\"breadcrumb\":{\"@id\":\"https:\\\/\\\/villaludwig.de\\\/ferienwohnung-boehlig\\\/#breadcrumb\"},\"inLanguage\":\"en-US\",\"potentialAction\":[{\"@type\":\"ReadAction\",\"target\":[\"https:\\\/\\\/villaludwig.de\\\/ferienwohnung-boehlig\\\/\"]}]},{\"@type\":\"BreadcrumbList\",\"@id\":\"https:\\\/\\\/villaludwig.de\\\/ferienwohnung-boehlig\\\/#breadcrumb\",\"itemListElement\":[{\"@type\":\"ListItem\",\"position\":1,\"name\":\"Startseite\",\"item\":\"https:\\\/\\\/villaludwig.de\\\/\"},{\"@type\":\"ListItem\",\"position\":2,\"name\":\"Ferienwohnung B\u00f6hlig\"}]},{\"@type\":\"WebSite\",\"@id\":\"https:\\\/\\\/villaludwig.de\\\/#website\",\"url\":\"https:\\\/\\\/villaludwig.de\\\/\",\"name\":\"Villa Ludwig Ferienwohnungen\",\"description\":\"Luxus Ferienwohnungen in Wachenheim an der Weinstra\u00dfe\",\"publisher\":{\"@id\":\"https:\\\/\\\/villaludwig.de\\\/#organization\"},\"potentialAction\":[{\"@type\":\"SearchAction\",\"target\":{\"@type\":\"EntryPoint\",\"urlTemplate\":\"https:\\\/\\\/villaludwig.de\\\/?s={search_term_string}\"},\"query-input\":{\"@type\":\"PropertyValueSpecification\",\"valueRequired\":true,\"valueName\":\"search_term_string\"}}],\"inLanguage\":\"en-US\"},{\"@type\":\"Organization\",\"@id\":\"https:\\\/\\\/villaludwig.de\\\/#organization\",\"name\":\"Villa Ludwig Ferienwohnungen\",\"url\":\"https:\\\/\\\/villaludwig.de\\\/\",\"logo\":{\"@type\":\"ImageObject\",\"inLanguage\":\"en-US\",\"@id\":\"https:\\\/\\\/villaludwig.de\\\/#\\\/schema\\\/logo\\\/image\\\/\",\"url\":\"https:\\\/\\\/villaludwig.de\\\/wp-content\\\/uploads\\\/2020\\\/05\\\/Villa-Ludwig-Logo.png\",\"contentUrl\":\"https:\\\/\\\/villaludwig.de\\\/wp-content\\\/uploads\\\/2020\\\/05\\\/Villa-Ludwig-Logo.png\",\"width\":964,\"height\":964,\"caption\":\"Villa Ludwig Ferienwohnungen\"},\"image\":{\"@id\":\"https:\\\/\\\/villaludwig.de\\\/#\\\/schema\\\/logo\\\/image\\\/\"},\"sameAs\":[\"https:\\\/\\\/www.facebook.com\\\/people\\\/Villa-Ludwig-1826-Ferienwohnungen\\\/100063462909862\\\/\",\"https:\\\/\\\/www.instagram.com\\\/villaludwig\\\/\"]}]}<\/script>\n<!-- \/ Yoast SEO plugin. -->","yoast_head_json":{"title":"Ferienwohnung in Wachenheim an der Weinstra\u00dfe \u2013 Traumurlaub bei Deidesheim & Bad D\u00fcrkheim","description":"Exklusive Ferienwohnung in Wachenheim, nahe Deidesheim & Bad D\u00fcrkheim \u2013 Perfekter Urlaub an der Weinstra\u00dfe \/ Pfalz. Erleben Sie Komfort und Natur!","robots":{"index":"index","follow":"follow","max-snippet":"max-snippet:-1","max-image-preview":"max-image-preview:large","max-video-preview":"max-video-preview:-1"},"canonical":"https:\/\/villaludwig.de\/en\/ferienwohnung-boehlig\/","og_locale":"en_US","og_type":"article","og_title":"Ferienwohnung in Wachenheim an der Weinstra\u00dfe \u2013 Traumurlaub bei Deidesheim & Bad D\u00fcrkheim","og_description":"Exklusive Ferienwohnung in Wachenheim, nahe Deidesheim & Bad D\u00fcrkheim \u2013 Perfekter Urlaub an der Weinstra\u00dfe \/ Pfalz. Erleben Sie Komfort und Natur!","og_url":"https:\/\/villaludwig.de\/en\/ferienwohnung-boehlig\/","og_site_name":"Villa Ludwig","article_publisher":"https:\/\/www.facebook.com\/people\/Villa-Ludwig-1826-Ferienwohnungen\/100063462909862\/","article_modified_time":"2024-10-31T07:20:29+00:00","twitter_card":"summary_large_image","twitter_misc":{"Est. reading time":"5 minutes"},"schema":{"@context":"https:\/\/schema.org","@graph":[{"@type":"WebPage","@id":"https:\/\/villaludwig.de\/ferienwohnung-boehlig\/","url":"https:\/\/villaludwig.de\/ferienwohnung-boehlig\/","name":"Ferienwohnung in Wachenheim an der Weinstra\u00dfe \u2013 Traumurlaub bei Deidesheim & Bad D\u00fcrkheim","isPartOf":{"@id":"https:\/\/villaludwig.de\/#website"},"datePublished":"2020-07-01T16:00:50+00:00","dateModified":"2024-10-31T07:20:29+00:00","description":"Exklusive Ferienwohnung in Wachenheim, nahe Deidesheim & Bad D\u00fcrkheim \u2013 Perfekter Urlaub an der Weinstra\u00dfe \/ Pfalz. Erleben Sie Komfort und Natur!","breadcrumb":{"@id":"https:\/\/villaludwig.de\/ferienwohnung-boehlig\/#breadcrumb"},"inLanguage":"en-US","potentialAction":[{"@type":"ReadAction","target":["https:\/\/villaludwig.de\/ferienwohnung-boehlig\/"]}]},{"@type":"BreadcrumbList","@id":"https:\/\/villaludwig.de\/ferienwohnung-boehlig\/#breadcrumb","itemListElement":[{"@type":"ListItem","position":1,"name":"Startseite","item":"https:\/\/villaludwig.de\/"},{"@type":"ListItem","position":2,"name":"Ferienwohnung B\u00f6hlig"}]},{"@type":"WebSite","@id":"https:\/\/villaludwig.de\/#website","url":"https:\/\/villaludwig.de\/","name":"Villa Ludwig Ferienwohnungen","description":"Luxus Ferienwohnungen in Wachenheim an der Weinstra\u00dfe","publisher":{"@id":"https:\/\/villaludwig.de\/#organization"},"potentialAction":[{"@type":"SearchAction","target":{"@type":"EntryPoint","urlTemplate":"https:\/\/villaludwig.de\/?s={search_term_string}"},"query-input":{"@type":"PropertyValueSpecification","valueRequired":true,"valueName":"search_term_string"}}],"inLanguage":"en-US"},{"@type":"Organization","@id":"https:\/\/villaludwig.de\/#organization","name":"Villa Ludwig Ferienwohnungen","url":"https:\/\/villaludwig.de\/","logo":{"@type":"ImageObject","inLanguage":"en-US","@id":"https:\/\/villaludwig.de\/#\/schema\/logo\/image\/","url":"https:\/\/villaludwig.de\/wp-content\/uploads\/2020\/05\/Villa-Ludwig-Logo.png","contentUrl":"https:\/\/villaludwig.de\/wp-content\/uploads\/2020\/05\/Villa-Ludwig-Logo.png","width":964,"height":964,"caption":"Villa Ludwig Ferienwohnungen"},"image":{"@id":"https:\/\/villaludwig.de\/#\/schema\/logo\/image\/"},"sameAs":["https:\/\/www.facebook.com\/people\/Villa-Ludwig-1826-Ferienwohnungen\/100063462909862\/","https:\/\/www.instagram.com\/villaludwig\/"]}]}},"_links":{"self":[{"href":"https:\/\/villaludwig.de\/en\/wp-json\/wp\/v2\/pages\/1059","targetHints":{"allow":["GET"]}}],"collection":[{"href":"https:\/\/villaludwig.de\/en\/wp-json\/wp\/v2\/pages"}],"about":[{"href":"https:\/\/villaludwig.de\/en\/wp-json\/wp\/v2\/types\/page"}],"author":[{"embeddable":true,"href":"https:\/\/villaludwig.de\/en\/wp-json\/wp\/v2\/users\/1"}],"replies":[{"embeddable":true,"href":"https:\/\/villaludwig.de\/en\/wp-json\/wp\/v2\/comments?post=1059"}],"version-history":[{"count":55,"href":"https:\/\/villaludwig.de\/en\/wp-json\/wp\/v2\/pages\/1059\/revisions"}],"predecessor-version":[{"id":223215,"href":"https:\/\/villaludwig.de\/en\/wp-json\/wp\/v2\/pages\/1059\/revisions\/223215"}],"wp:attachment":[{"href":"https:\/\/villaludwig.de\/en\/wp-json\/wp\/v2\/media?parent=1059"}],"curies":[{"name":"wp","href":"https:\/\/api.w.org\/{rel}","templated":true}]}}